{"id":6804,"date":"2025-02-19T16:28:58","date_gmt":"2025-02-19T15:28:58","guid":{"rendered":"https:\/\/www.zapf-garagen.de\/impressum\/"},"modified":"2026-05-06T08:45:10","modified_gmt":"2026-05-06T06:45:10","slug":"avis-de-site","status":"publish","type":"page","link":"https:\/\/www.zapf-garagen.de\/fr\/avis-de-site\/","title":{"rendered":"Avis de site"},"content":{"rendered":"<div class=\"wpb-content-wrapper\" id=\"wpb-content-root\"><p>[vc_row el_class=\u00a0\u00bbbg-black\u00a0\u00bb][vc_column]<div class=\"spacer spacer--large\"><\/div>\n[vc_column_text css=\u00a0\u00bb\u00a0\u00bb]<\/p>\n<h1>Mentions l\u00e9gales<\/h1>\n<p>ZAPF Sarl<br \/>\nLe Mathis<br \/>\n204 avenue de Colmar<br \/>\n67100 Strasbourg[\/vc_column_text]<div class=\"spacer spacer--large\"><\/div>\n[\/vc_column][\/vc_row][vc_row][vc_column]<div class=\"spacer spacer--large\"><\/div>\n[vc_column_text css=\u00a0\u00bb\u00a0\u00bb]Registre du commerce : HRB 3204<br \/>\nTribunal d&rsquo;enregistrement : Amtsgericht Bayreuth<\/p>\n<p><strong>Repr\u00e9sent\u00e9 par :<\/strong><br \/>\nGesch\u00e4ftsf\u00fchrer Emmanuel Thomas, J\u00f6rg G\u00fcnther<\/p>\n<p>&nbsp;<\/p>\n<h2>Contact<\/h2>\n<p>T\u00e9l\u00e9phone : <a href=\"https:\/\/www.google.com\/search?q=zapf+stra%C3%9Fbourg&amp;oq=zapf+stra%C3%9Fbourg&amp;gs_lcrp=EgRlZGdlKgYIABBFGDsyBggAEEUYOzIHCAEQABjvBTIHCAIQABjvBTIKCAMQABiiBBiJBTIKCAQQABiiBBiJBTIKCAUQABiABBiiBDIGCAYQRRhAMggIBxDpBxj8VdIBCDI3MjNqMGoxqAIAsAIA&amp;sourceid=chrome&amp;ie=UTF-8#\" data-dtype=\"d3ph\" data-local-attribute=\"d3ph\" data-ved=\"2ahUKEwiLmsPWn5eTAxUF3gIHHd55HTAQkAgoAHoECE4QAw\"><span aria-label=\"+33 3 88 10 80 48 anrufen\">+33 3 88 10 80 48<\/span><\/a><br \/>\nE-mail : <a href=\"mailto:contact@zapf-garages.fr\">contact@zapf-garages.fr<\/a><\/p>\n<p>&nbsp;<\/p>\n<h2>NUM\u00c9RO D&rsquo;IDENTIFICATION TVA<\/h2>\n<p>Num\u00e9ro d&rsquo;identification de la taxe sur les ventes conform\u00e9ment \u00e0 l&rsquo;article 27 a de la loi sur la taxe sur les ventes :<br \/>\nDE 132 \/ 354 \/ 554<\/p>\n<p>&nbsp;<\/p>\n<h2>Responsable \u00e9ditorial<\/h2>\n<p>ZAPF GmbH<br \/>\nKevin Kienle<br \/>\nN\u00fcrnberger Stra\u00dfe 38<br \/>\n95448 Bayreuth<\/p>\n<p>&nbsp;<\/p>\n<h2>R\u00e9solution des litiges dans l&rsquo;UE<\/h2>\n<p>La Commission europ\u00e9enne propose une plateforme de r\u00e9solution des litiges en ligne (ODR) <a href=\"https:\/\/ec.europa.eu\/consumers\/odr\/\" target=\"_blank\" rel=\"noopener noreferrer\">: https:\/\/ec.europa.eu\/consumers\/odr\/.<\/a><br \/>\nVous trouverez notre adresse \u00e9lectronique dans l&rsquo;avis de site ci-dessus.<\/p>\n<p>&nbsp;<\/p>\n<h2>Proc\u00e9dure de r\u00e9solution des litiges devant une commission d&rsquo;arbitrage des consommateurs<\/h2>\n<p>Nous ne sommes pas dispos\u00e9s ou oblig\u00e9s de participer \u00e0 une proc\u00e9dure de r\u00e9solution des litiges devant une commission d&rsquo;arbitrage des consommateurs.[\/vc_column_text]<div class=\"spacer spacer--large\"><\/div>\n[\/vc_column][\/vc_row]<\/p>\n<\/div>","protected":false},"excerpt":{"rendered":"<p>[vc_row el_class=\u00a0\u00bbbg-black\u00a0\u00bb][vc_column][vc_column_text css=\u00a0\u00bb\u00a0\u00bb] Mentions l\u00e9gales ZAPF Sarl Le Mathis 204 avenue de Colmar 67100 Strasbourg[\/vc_column_text][\/vc_column][\/vc_row][vc_row][vc_column][vc_column_text css=\u00a0\u00bb\u00a0\u00bb]Registre du commerce : HRB 3204 Tribunal d&rsquo;enregistrement : Amtsgericht Bayreuth Repr\u00e9sent\u00e9 par : Gesch\u00e4ftsf\u00fchrer Emmanuel Thomas, J\u00f6rg G\u00fcnther &nbsp; Contact T\u00e9l\u00e9phone : +33 3 88 10 80 48 E-mail : contact@zapf-garages.fr &nbsp; NUM\u00c9RO D&rsquo;IDENTIFICATION TVA Num\u00e9ro d&rsquo;identification de la [&hellip;]<\/p>\n","protected":false},"author":6,"featured_media":0,"parent":0,"menu_order":0,"comment_status":"closed","ping_status":"closed","template":"","meta":{"_acf_changed":false,"content-type":"","footnotes":""},"class_list":["post-6804","page","type-page","status-publish","hentry"],"acf":[],"yoast_head":"<!-- This site is optimized with the Yoast SEO Premium plugin v28.4 (Yoast SEO v28.4) - https:\/\/yoast.com\/product\/yoast-seo-premium-wordpress\/ -->\n<title>Garage pr\u00e9fabriqu\u00e9 en b\u00e9ton \u2013 ZAPF Garages France<\/title>\n<meta name=\"description\" content=\"Garage pr\u00e9fabriqu\u00e9 en b\u00e9ton, fabriqu\u00e9 en Allemagne depuis 1904. ZAPF : garage individuel, double et grande capacit\u00e9 \u2013 livr\u00e9s et mont\u00e9s en France. Configurez maintenant !\" \/>\n<meta name=\"robots\" content=\"index, follow, max-snippet:-1, max-image-preview:large, max-video-preview:-1\" \/>\n<link rel=\"canonical\" href=\"https:\/\/www.zapf-garagen.de\/fr\/avis-de-site\/\" \/>\n<meta property=\"og:locale\" content=\"fr_FR\" \/>\n<meta property=\"og:type\" content=\"article\" \/>\n<meta property=\"og:title\" content=\"Avis de site\" \/>\n<meta property=\"og:description\" content=\"Garage pr\u00e9fabriqu\u00e9 en b\u00e9ton, fabriqu\u00e9 en Allemagne depuis 1904. ZAPF : garage individuel, double et grande capacit\u00e9 \u2013 livr\u00e9s et mont\u00e9s en France. Configurez maintenant !\" \/>\n<meta property=\"og:url\" content=\"https:\/\/www.zapf-garagen.de\/fr\/avis-de-site\/\" \/>\n<meta property=\"og:site_name\" content=\"ZAPF Garagen\" \/>\n<meta property=\"article:publisher\" content=\"https:\/\/www.facebook.com\/ZapfGaragenwelt\" \/>\n<meta property=\"article:modified_time\" content=\"2026-05-06T06:45:10+00:00\" \/>\n<meta name=\"twitter:card\" content=\"summary_large_image\" \/>\n<meta name=\"twitter:label1\" content=\"Dur\u00e9e de lecture estim\u00e9e\" \/>\n\t<meta name=\"twitter:data1\" content=\"1 minute\" \/>\n<script type=\"application\/ld+json\" class=\"yoast-schema-graph\">{\"@context\":\"https:\\\/\\\/schema.org\",\"@graph\":[{\"@type\":\"WebPage\",\"@id\":\"https:\\\/\\\/www.zapf-garagen.de\\\/fr\\\/avis-de-site\\\/\",\"url\":\"https:\\\/\\\/www.zapf-garagen.de\\\/fr\\\/avis-de-site\\\/\",\"name\":\"Garage pr\u00e9fabriqu\u00e9 en b\u00e9ton \u2013 ZAPF Garages France\",\"isPartOf\":{\"@id\":\"https:\\\/\\\/www.zapf-garagen.de\\\/fr\\\/#website\"},\"datePublished\":\"2025-02-19T15:28:58+00:00\",\"dateModified\":\"2026-05-06T06:45:10+00:00\",\"description\":\"Garage pr\u00e9fabriqu\u00e9 en b\u00e9ton, fabriqu\u00e9 en Allemagne depuis 1904. ZAPF : garage individuel, double et grande capacit\u00e9 \u2013 livr\u00e9s et mont\u00e9s en France. Configurez maintenant !\",\"breadcrumb\":{\"@id\":\"https:\\\/\\\/www.zapf-garagen.de\\\/fr\\\/avis-de-site\\\/#breadcrumb\"},\"inLanguage\":\"fr-FR\",\"potentialAction\":[{\"@type\":\"ReadAction\",\"target\":[\"https:\\\/\\\/www.zapf-garagen.de\\\/fr\\\/avis-de-site\\\/\"]}]},{\"@type\":\"BreadcrumbList\",\"@id\":\"https:\\\/\\\/www.zapf-garagen.de\\\/fr\\\/avis-de-site\\\/#breadcrumb\",\"itemListElement\":[{\"@type\":\"ListItem\",\"position\":1,\"name\":\"Home\",\"item\":\"https:\\\/\\\/www.zapf-garagen.de\\\/fr\\\/\"},{\"@type\":\"ListItem\",\"position\":2,\"name\":\"Avis de site\"}]},{\"@type\":\"WebSite\",\"@id\":\"https:\\\/\\\/www.zapf-garagen.de\\\/fr\\\/#website\",\"url\":\"https:\\\/\\\/www.zapf-garagen.de\\\/fr\\\/\",\"name\":\"ZAPF Garagen\",\"description\":\"\",\"publisher\":{\"@id\":\"https:\\\/\\\/www.zapf-garagen.de\\\/fr\\\/#organization\"},\"potentialAction\":[{\"@type\":\"SearchAction\",\"target\":{\"@type\":\"EntryPoint\",\"urlTemplate\":\"https:\\\/\\\/www.zapf-garagen.de\\\/fr\\\/?s={search_term_string}\"},\"query-input\":{\"@type\":\"PropertyValueSpecification\",\"valueRequired\":true,\"valueName\":\"search_term_string\"}}],\"inLanguage\":\"fr-FR\"},{\"@type\":\"Organization\",\"@id\":\"https:\\\/\\\/www.zapf-garagen.de\\\/fr\\\/#organization\",\"name\":\"ZAPF Garagen\",\"url\":\"https:\\\/\\\/www.zapf-garagen.de\\\/fr\\\/\",\"logo\":{\"@type\":\"ImageObject\",\"inLanguage\":\"fr-FR\",\"@id\":\"https:\\\/\\\/www.zapf-garagen.de\\\/fr\\\/#\\\/schema\\\/logo\\\/image\\\/\",\"url\":\"https:\\\/\\\/www.zapf-garagen.de\\\/wp-content\\\/uploads\\\/2025\\\/03\\\/zapf-garagen-logo-rot-grau.svg\",\"contentUrl\":\"https:\\\/\\\/www.zapf-garagen.de\\\/wp-content\\\/uploads\\\/2025\\\/03\\\/zapf-garagen-logo-rot-grau.svg\",\"width\":502,\"height\":269,\"caption\":\"ZAPF Garagen\"},\"image\":{\"@id\":\"https:\\\/\\\/www.zapf-garagen.de\\\/fr\\\/#\\\/schema\\\/logo\\\/image\\\/\"},\"sameAs\":[\"https:\\\/\\\/www.facebook.com\\\/ZapfGaragenwelt\",\"https:\\\/\\\/www.instagram.com\\\/zapfgaragenwelt\\\/\",\"https:\\\/\\\/www.xing.com\\\/pages\\\/zapf-garagenwelt\",\"https:\\\/\\\/www.youtube.com\\\/user\\\/Garagenwelt\",\"https:\\\/\\\/www.linkedin.com\\\/company\\\/zapfgaragen\\\/\",\"https:\\\/\\\/www.tiktok.com\\\/@zapf.garagen\",\"https:\\\/\\\/www.pinterest.com\\\/zapfgaragenwelt\\\/\"],\"description\":\"ZAPF Garagen \u2013 Hersteller von Fertiggaragen aus Beton seit 1904. Hochwertige Garagen Made in Germany f\u00fcr Privat- und Gewerbekunden.\",\"email\":\"garagen@zapf-gmbh.de\",\"telephone\":\"0921 601-601\",\"legalName\":\"ZAPF GmbH\",\"foundingDate\":\"1904-01-01\",\"numberOfEmployees\":{\"@type\":\"QuantitativeValue\",\"minValue\":\"201\",\"maxValue\":\"500\"}}]}<\/script>\n<!-- \/ Yoast SEO Premium plugin. -->","yoast_head_json":{"title":"Garage pr\u00e9fabriqu\u00e9 en b\u00e9ton \u2013 ZAPF Garages France","description":"Garage pr\u00e9fabriqu\u00e9 en b\u00e9ton, fabriqu\u00e9 en Allemagne depuis 1904. ZAPF : garage individuel, double et grande capacit\u00e9 \u2013 livr\u00e9s et mont\u00e9s en France. Configurez maintenant !","robots":{"index":"index","follow":"follow","max-snippet":"max-snippet:-1","max-image-preview":"max-image-preview:large","max-video-preview":"max-video-preview:-1"},"canonical":"https:\/\/www.zapf-garagen.de\/fr\/avis-de-site\/","og_locale":"fr_FR","og_type":"article","og_title":"Avis de site","og_description":"Garage pr\u00e9fabriqu\u00e9 en b\u00e9ton, fabriqu\u00e9 en Allemagne depuis 1904. ZAPF : garage individuel, double et grande capacit\u00e9 \u2013 livr\u00e9s et mont\u00e9s en France. Configurez maintenant !","og_url":"https:\/\/www.zapf-garagen.de\/fr\/avis-de-site\/","og_site_name":"ZAPF Garagen","article_publisher":"https:\/\/www.facebook.com\/ZapfGaragenwelt","article_modified_time":"2026-05-06T06:45:10+00:00","twitter_card":"summary_large_image","twitter_misc":{"Dur\u00e9e de lecture estim\u00e9e":"1 minute"},"schema":{"@context":"https:\/\/schema.org","@graph":[{"@type":"WebPage","@id":"https:\/\/www.zapf-garagen.de\/fr\/avis-de-site\/","url":"https:\/\/www.zapf-garagen.de\/fr\/avis-de-site\/","name":"Garage pr\u00e9fabriqu\u00e9 en b\u00e9ton \u2013 ZAPF Garages France","isPartOf":{"@id":"https:\/\/www.zapf-garagen.de\/fr\/#website"},"datePublished":"2025-02-19T15:28:58+00:00","dateModified":"2026-05-06T06:45:10+00:00","description":"Garage pr\u00e9fabriqu\u00e9 en b\u00e9ton, fabriqu\u00e9 en Allemagne depuis 1904. ZAPF : garage individuel, double et grande capacit\u00e9 \u2013 livr\u00e9s et mont\u00e9s en France. Configurez maintenant !","breadcrumb":{"@id":"https:\/\/www.zapf-garagen.de\/fr\/avis-de-site\/#breadcrumb"},"inLanguage":"fr-FR","potentialAction":[{"@type":"ReadAction","target":["https:\/\/www.zapf-garagen.de\/fr\/avis-de-site\/"]}]},{"@type":"BreadcrumbList","@id":"https:\/\/www.zapf-garagen.de\/fr\/avis-de-site\/#breadcrumb","itemListElement":[{"@type":"ListItem","position":1,"name":"Home","item":"https:\/\/www.zapf-garagen.de\/fr\/"},{"@type":"ListItem","position":2,"name":"Avis de site"}]},{"@type":"WebSite","@id":"https:\/\/www.zapf-garagen.de\/fr\/#website","url":"https:\/\/www.zapf-garagen.de\/fr\/","name":"ZAPF Garagen","description":"","publisher":{"@id":"https:\/\/www.zapf-garagen.de\/fr\/#organization"},"potentialAction":[{"@type":"SearchAction","target":{"@type":"EntryPoint","urlTemplate":"https:\/\/www.zapf-garagen.de\/fr\/?s={search_term_string}"},"query-input":{"@type":"PropertyValueSpecification","valueRequired":true,"valueName":"search_term_string"}}],"inLanguage":"fr-FR"},{"@type":"Organization","@id":"https:\/\/www.zapf-garagen.de\/fr\/#organization","name":"ZAPF Garagen","url":"https:\/\/www.zapf-garagen.de\/fr\/","logo":{"@type":"ImageObject","inLanguage":"fr-FR","@id":"https:\/\/www.zapf-garagen.de\/fr\/#\/schema\/logo\/image\/","url":"https:\/\/www.zapf-garagen.de\/wp-content\/uploads\/2025\/03\/zapf-garagen-logo-rot-grau.svg","contentUrl":"https:\/\/www.zapf-garagen.de\/wp-content\/uploads\/2025\/03\/zapf-garagen-logo-rot-grau.svg","width":502,"height":269,"caption":"ZAPF Garagen"},"image":{"@id":"https:\/\/www.zapf-garagen.de\/fr\/#\/schema\/logo\/image\/"},"sameAs":["https:\/\/www.facebook.com\/ZapfGaragenwelt","https:\/\/www.instagram.com\/zapfgaragenwelt\/","https:\/\/www.xing.com\/pages\/zapf-garagenwelt","https:\/\/www.youtube.com\/user\/Garagenwelt","https:\/\/www.linkedin.com\/company\/zapfgaragen\/","https:\/\/www.tiktok.com\/@zapf.garagen","https:\/\/www.pinterest.com\/zapfgaragenwelt\/"],"description":"ZAPF Garagen \u2013 Hersteller von Fertiggaragen aus Beton seit 1904. Hochwertige Garagen Made in Germany f\u00fcr Privat- und Gewerbekunden.","email":"garagen@zapf-gmbh.de","telephone":"0921 601-601","legalName":"ZAPF GmbH","foundingDate":"1904-01-01","numberOfEmployees":{"@type":"QuantitativeValue","minValue":"201","maxValue":"500"}}]}},"_links":{"self":[{"href":"https:\/\/www.zapf-garagen.de\/fr\/wp-json\/wp\/v2\/pages\/6804","targetHints":{"allow":["GET"]}}],"collection":[{"href":"https:\/\/www.zapf-garagen.de\/fr\/wp-json\/wp\/v2\/pages"}],"about":[{"href":"https:\/\/www.zapf-garagen.de\/fr\/wp-json\/wp\/v2\/types\/page"}],"author":[{"embeddable":true,"href":"https:\/\/www.zapf-garagen.de\/fr\/wp-json\/wp\/v2\/users\/6"}],"replies":[{"embeddable":true,"href":"https:\/\/www.zapf-garagen.de\/fr\/wp-json\/wp\/v2\/comments?post=6804"}],"version-history":[{"count":3,"href":"https:\/\/www.zapf-garagen.de\/fr\/wp-json\/wp\/v2\/pages\/6804\/revisions"}],"predecessor-version":[{"id":12322,"href":"https:\/\/www.zapf-garagen.de\/fr\/wp-json\/wp\/v2\/pages\/6804\/revisions\/12322"}],"wp:attachment":[{"href":"https:\/\/www.zapf-garagen.de\/fr\/wp-json\/wp\/v2\/media?parent=6804"}],"curies":[{"name":"wp","href":"https:\/\/api.w.org\/{rel}","templated":true}]}}