{"id":6070,"date":"2025-02-19T14:37:32","date_gmt":"2025-02-19T13:37:32","guid":{"rendered":"https:\/\/www.zapf-garagen.de\/page-daccueil\/"},"modified":"2026-05-07T10:53:19","modified_gmt":"2026-05-07T08:53:19","slug":"page-daccueil","status":"publish","type":"page","link":"https:\/\/www.zapf-garagen.de\/fr\/","title":{"rendered":"Page d&rsquo;accueil"},"content":{"rendered":"<div class=\"wpb-content-wrapper\" id=\"wpb-content-root\"><p>[vc_row][vc_column]    <div class=\"header-onscroll-effekt\">\n                    <img decoding=\"async\" width=\"1920\" height=\"1080\" src=\"https:\/\/www.zapf-garagen.de\/wp-content\/uploads\/2026\/03\/01-Titelbild.jpg\" class=\"header-onscroll-effekt__image\" alt=\"Garage pr\u00e9fabriqu\u00e9 en b\u00e9ton blanc ind\u00e9pendant avec porte sectionnelle sombre sur une all\u00e9e pav\u00e9e, entour\u00e9 d\u2019un jardin paysager avec \u00e9clairage ext\u00e9rieur et maison moderne en arri\u00e8re-plan au cr\u00e9puscule, garage ZAPF Garagen\" srcset=\"https:\/\/www.zapf-garagen.de\/wp-content\/uploads\/2026\/03\/01-Titelbild.jpg 1920w, https:\/\/www.zapf-garagen.de\/wp-content\/uploads\/2026\/03\/01-Titelbild-300x169.jpg 300w, https:\/\/www.zapf-garagen.de\/wp-content\/uploads\/2026\/03\/01-Titelbild-1024x576.jpg 1024w, https:\/\/www.zapf-garagen.de\/wp-content\/uploads\/2026\/03\/01-Titelbild-768x432.jpg 768w, https:\/\/www.zapf-garagen.de\/wp-content\/uploads\/2026\/03\/01-Titelbild-1536x864.jpg 1536w\" sizes=\"(max-width: 1920px) 100vw, 1920px\" \/>                <div class=\"header-onscroll-effekt__overlay\"><\/div>\n        <div class=\"header-onscroll-effekt__content\">\n            <div class=\"container\">\n                <h1>Garages ZAPF -<br \/>\nVotre sp\u00e9cialiste du garage<br \/>\npr\u00e9fabriqu\u00e9 en b\u00e9ton<\/h1>\n                <p class=\"price\"><\/p>\n                                    <div class=\"header-onscroll-effekt__textelements\" data-items=\"4\">\n                                                    <p>\n                                                                    <strong class=\"copy-highlight\">Un choix immense<\/strong><br \/>\n                                                                                                                                            de garages                                                                        \n                                                            <\/p>\n                                                    <p>\n                                                                    <strong class=\"copy-highlight\">Des experts r\u00e9gionaux<\/strong><br \/>\n                                                                                                                                            vous conseillent                                                                        \n                                                            <\/p>\n                                                    <p>\n                                                                    <strong class=\"copy-highlight\">Plus de 450.000<\/strong><br \/>\n                                                                                                                                            garages pr\u00e9fabriqu\u00e9s en b\u00e9ton                                                                        \n                                                            <\/p>\n                                                    <p>\n                                                                    <strong class=\"copy-highlight\">Plus de 120 ans<\/strong><br \/>\n                                                                                                                                            d'exp\u00e9rience                                                                        \n                                                            <\/p>\n                                            <\/div>\n                                                    <div class=\"header-onscroll-effekt__buttons header-onscroll-effekt__buttons--list\">\n                                                                                                <\/div>\n                                                    <div class=\"header-onscroll-effekt__buttons\">\n                                                    <a  href=\"https:\/\/konfigurator.zapf-garagen.de\/index.fr.html?type=Breitgarage\" title=\"Configurez votre garage\" target=\"_blank\" class=\"btn btn--red\">Configurez votre garage<\/a>                                                                            <a  href=\"https:\/\/www.zapf-garagen.de\/fr\/garages\/garage-de-grande-capacite\/\" title=\"En savoir plus\" target=\"_self\" class=\"btn btn--black\">En savoir plus<\/a>                                            <\/div>\n                            <\/div>\n        <\/div>\n    <\/div>\n[\/vc_column][\/vc_row][vc_row][vc_column]<div class=\"spacer spacer--large\"><\/div>\n[vc_column_text css=\u00a0\u00bb\u00a0\u00bb]<\/p>\n<p style=\"text-align: center;\">DE XS \u00c0 XXL<\/p>\n<h2 style=\"text-align: center;\">Le garage pr\u00e9fabriqu\u00e9 ZAPF adapt\u00e9 \u00e0 chaque besoin<\/h2>\n<p>[\/vc_column_text]<div class=\"spacer spacer--large\"><\/div>\n    <div class=\"image-onscroll-effekt\">\n                    <img decoding=\"async\" width=\"1920\" height=\"1080\" src=\"https:\/\/www.zapf-garagen.de\/wp-content\/uploads\/2026\/01\/02-Ob-Einzel-.jpg\" class=\"image-onscroll-effekt__image\" alt=\"Garage pr\u00e9fabriqu\u00e9 en b\u00e9ton avec porte de garage ouverte et all\u00e9e pav\u00e9e, implant\u00e9 devant une maison individuelle contemporaine dans un quartier r\u00e9sidentiel soign\u00e9 avec espaces verts, par ZAPF\" srcset=\"https:\/\/www.zapf-garagen.de\/wp-content\/uploads\/2026\/01\/02-Ob-Einzel-.jpg 1920w, https:\/\/www.zapf-garagen.de\/wp-content\/uploads\/2026\/01\/02-Ob-Einzel--300x169.jpg 300w, https:\/\/www.zapf-garagen.de\/wp-content\/uploads\/2026\/01\/02-Ob-Einzel--1024x576.jpg 1024w, https:\/\/www.zapf-garagen.de\/wp-content\/uploads\/2026\/01\/02-Ob-Einzel--768x432.jpg 768w, https:\/\/www.zapf-garagen.de\/wp-content\/uploads\/2026\/01\/02-Ob-Einzel--1536x864.jpg 1536w\" sizes=\"(max-width: 1920px) 100vw, 1920px\" \/>                <div class=\"image-onscroll-effekt__overlay\"><\/div>\n        <div class=\"image-onscroll-effekt__content\">\n            <div class=\"container\">\n                <div class=\"wysiwyg copy-highlight\">\n                    <p>Garage simple, double, grande capacit\u00e9, large, carport, extension ou garage en pente \u2013 ZAPF a toujours la solution qui vous convient. Qualit\u00e9 des mat\u00e9riaux, finition soign\u00e9e et robustesse assurent long\u00e9vit\u00e9 et r\u00e9sistance aux intemp\u00e9ries. Personnalisez votre garage avec des options modernes comme l\u2019\u00e9clairage, la motorisation des portes ou une ventilation innovante \u2013 pour un espace qui r\u00e9pond parfaitement \u00e0 vos besoins.<\/p>\n                <\/div>\n            <\/div>\n                            <div class=\"container container-lg\">\n                    <div class=\"image-onscroll-effekt__icons\">\n                                                                                                <\/div>\n                <\/div>\n                                        <div class=\"container container-lg\">\n                    <div class=\"image-onscroll-effekt__quotes swiper\">\n                        <div class=\"swiper-wrapper\">\n                                                                                                                <\/div>\n                        <div class=\"swiper-pagination\"><\/div>\n                    <\/div>\n                <\/div>\n                                        <div class=\"container\">\n                    <div class=\"image-onscroll-effekt__buttons\">\n                                                    <a  href=\"https:\/\/konfigurator.zapf-garagen.de\/index.fr.html\" title=\"Configurez votre garage\" target=\"_blank\" class=\"btn btn--red\">Configurez votre garage<\/a>                                                                            <a  href=\"https:\/\/www.zapf-garagen.de\/fr\/garages\/garage-individuel\/\" title=\"D\u00e9couvrez nos garages\" target=\"_self\" class=\"btn btn--black\">D\u00e9couvrez nos garages<\/a>                                            <\/div>\n                <\/div>\n                    <\/div>\n    <\/div>\n[\/vc_column][\/vc_row][vc_row][vc_column]<div class=\"spacer spacer--large\"><\/div>\n[vc_column_text css=\u00a0\u00bb\u00a0\u00bb]<\/p>\n<p class=\"preheader\" style=\"text-align: center;\">Pour les particuliers et les entreprises<\/p>\n<h2 style=\"text-align: center;\">Parcs \u00e0 garages et garages \u00e0 plusieurs \u00e9tages<\/h2>\n<p>[\/vc_column_text]<div class=\"spacer spacer--large\"><\/div>\n    <div class=\"image-onscroll-effekt\">\n                    <img decoding=\"async\" width=\"1920\" height=\"1080\" src=\"https:\/\/www.zapf-garagen.de\/wp-content\/uploads\/2026\/03\/03-Garagenparks.jpg\" class=\"image-onscroll-effekt__image\" alt=\"Plusieurs garages pr\u00e9fabriqu\u00e9s en b\u00e9ton align\u00e9s avec portes de garage sombres et toiture gravillonn\u00e9e, dispos\u00e9s sur une grande cour b\u00e9tonn\u00e9e \u00e9clair\u00e9e et entour\u00e9s d\u2019une for\u00eat dense avec maison moderne en arri\u00e8re-plan au cr\u00e9puscule, ensemble de garages ZAPF Garagen\" srcset=\"https:\/\/www.zapf-garagen.de\/wp-content\/uploads\/2026\/03\/03-Garagenparks.jpg 1920w, https:\/\/www.zapf-garagen.de\/wp-content\/uploads\/2026\/03\/03-Garagenparks-300x169.jpg 300w, https:\/\/www.zapf-garagen.de\/wp-content\/uploads\/2026\/03\/03-Garagenparks-1024x576.jpg 1024w, https:\/\/www.zapf-garagen.de\/wp-content\/uploads\/2026\/03\/03-Garagenparks-768x432.jpg 768w, https:\/\/www.zapf-garagen.de\/wp-content\/uploads\/2026\/03\/03-Garagenparks-1536x864.jpg 1536w\" sizes=\"(max-width: 1920px) 100vw, 1920px\" \/>                <div class=\"image-onscroll-effekt__overlay\"><\/div>\n        <div class=\"image-onscroll-effekt__content\">\n            <div class=\"container\">\n                <div class=\"wysiwyg copy-highlight\">\n                    <p>ZAPF propose des parcs \u00e0 garages ainsi que des garages \u00e0 deux ou trois niveaux pour maximiser l\u2019espace disponible. S\u00e9curis\u00e9s et durables, ils sont id\u00e9aux pour les ensembles r\u00e9sidentiels, les projets commerciaux ou comme investissement offrant des rendements attractifs. Choisissez l\u2019optimisation de l\u2019espace et la valorisation \u00e0 long terme.<\/p>\n                <\/div>\n            <\/div>\n                            <div class=\"container container-lg\">\n                    <div class=\"image-onscroll-effekt__icons\">\n                                                                                                <\/div>\n                <\/div>\n                                        <div class=\"container container-lg\">\n                    <div class=\"image-onscroll-effekt__quotes swiper\">\n                        <div class=\"swiper-wrapper\">\n                                                                                                                <\/div>\n                        <div class=\"swiper-pagination\"><\/div>\n                    <\/div>\n                <\/div>\n                                        <div class=\"container\">\n                    <div class=\"image-onscroll-effekt__buttons\">\n                                                    <a  href=\"https:\/\/www.zapf-garagen.de\/fr\/installations-de-garage\/parc-de-garages\/\" title=\"En savoir plus\" target=\"_self\" class=\"btn btn--red\">En savoir plus<\/a>                                                                    <\/div>\n                <\/div>\n                    <\/div>\n    <\/div>\n[\/vc_column][\/vc_row][vc_row disable_element=\u00a0\u00bbyes\u00a0\u00bb][vc_column]<div class=\"spacer spacer--large\"><\/div>\n[vc_column_text css=\u00a0\u00bb\u00a0\u00bb]<\/p>\n<p class=\"preheader\" style=\"text-align: center;\">Conseils gratuits sur la r\u00e9novation de garages<\/p>\n<h2 style=\"text-align: center;\">Mettez votre garage au go\u00fbt du jour<\/h2>\n<p>[\/vc_column_text]<div class=\"spacer spacer--large\"><\/div>\n    <div class=\"image-onscroll-effekt\">\n                    <img decoding=\"async\" width=\"2560\" height=\"1440\" src=\"https:\/\/www.zapf-garagen.de\/wp-content\/uploads\/2025\/04\/zapf-garagen-garagenmodernisierung-teaser-xl.jpg\" class=\"image-onscroll-effekt__image\" alt=\"Comparaison de garages avant et apr\u00e8s r\u00e9novation, \u00e0 gauche anciens et d\u00e9grad\u00e9s, \u00e0 droite modernis\u00e9s et fra\u00eechement peints.\" srcset=\"https:\/\/www.zapf-garagen.de\/wp-content\/uploads\/2025\/04\/zapf-garagen-garagenmodernisierung-teaser-xl.jpg 2560w, https:\/\/www.zapf-garagen.de\/wp-content\/uploads\/2025\/04\/zapf-garagen-garagenmodernisierung-teaser-xl-300x169.jpg 300w, https:\/\/www.zapf-garagen.de\/wp-content\/uploads\/2025\/04\/zapf-garagen-garagenmodernisierung-teaser-xl-1024x576.jpg 1024w, https:\/\/www.zapf-garagen.de\/wp-content\/uploads\/2025\/04\/zapf-garagen-garagenmodernisierung-teaser-xl-768x432.jpg 768w, https:\/\/www.zapf-garagen.de\/wp-content\/uploads\/2025\/04\/zapf-garagen-garagenmodernisierung-teaser-xl-1536x864.jpg 1536w, https:\/\/www.zapf-garagen.de\/wp-content\/uploads\/2025\/04\/zapf-garagen-garagenmodernisierung-teaser-xl-2048x1152.jpg 2048w\" sizes=\"(max-width: 2560px) 100vw, 2560px\" \/>                <div class=\"image-onscroll-effekt__overlay\"><\/div>\n        <div class=\"image-onscroll-effekt__content\">\n            <div class=\"container\">\n                <div class=\"wysiwyg copy-highlight\">\n                    <p>Dans quel \u00e9tat se trouve votre garage ? Les intemp\u00e9ries et le temps laissent des traces.<\/p>\n<p>Avec une modernisation professionnelle de votre garage, il ne sera pas seulement plus beau, il durera plus longtemps et restera fonctionnel.<\/p>\n<p>Que vous souhaitiez r\u00e9parer votre toit, que vous ayez besoin d&rsquo;une nouvelle porte de garage ou que vous souhaitiez rafra\u00eechir votre int\u00e9rieur. Nos experts sont l\u00e0 pour vous aider !<\/p>\n                <\/div>\n            <\/div>\n                            <div class=\"container container-lg\">\n                    <div class=\"image-onscroll-effekt__icons\">\n                                                                                                <\/div>\n                <\/div>\n                                        <div class=\"container container-lg\">\n                    <div class=\"image-onscroll-effekt__quotes swiper\">\n                        <div class=\"swiper-wrapper\">\n                                                                                                                <\/div>\n                        <div class=\"swiper-pagination\"><\/div>\n                    <\/div>\n                <\/div>\n                                        <div class=\"container\">\n                    <div class=\"image-onscroll-effekt__buttons\">\n                                                    <a  href=\"https:\/\/www.zapf-garagen.de\/fr\/?page_id=6456\" title=\"S'informer maintenant\" target=\"_self\" class=\"btn btn--red\">S'informer maintenant<\/a>                                                                    <\/div>\n                <\/div>\n                    <\/div>\n    <\/div>\n[\/vc_column][\/vc_row][vc_row][vc_column]\n    <div class=\"teaser-configuration black-black\">\n      <div class=\"container\">\n        <div class=\"wysiwyg\">\n          <p class=\"preheader\">Planifier, visualiser, r\u00e9aliser<\/p>\n<h2>Le configurateur de garage en 3D de ZAPF<\/h2>\n<p>Concevez votre garage sur mesure gr\u00e2ce \u00e0 notre configurateur 3D ! Depuis votre ordinateur, tablette ou smartphone, personnalisez chaque d\u00e9tail : fen\u00eatres, portes, toiture v\u00e9g\u00e9talis\u00e9e\u2026 et visualisez votre projet en 3D r\u00e9aliste.<\/p>\n        <\/div>\n        <a  href=\"https:\/\/konfigurator.zapf-garagen.de\/index.fr.html\" title=\"Testez-le d\u00e8s maintenant\" target=\"_blank\" class=\"btn btn--black\">Testez-le d\u00e8s maintenant<\/a>      <\/div>\n    <\/div>\n\n  [\/vc_column][\/vc_row][vc_row el_class=\u00a0\u00bbbg-black\u00a0\u00bb][vc_column]<div class=\"spacer spacer--large\"><\/div>\n[vc_column_text css=\u00a0\u00bb\u00a0\u00bb]<\/p>\n<p class=\"preheader\">Conseils, inspiration &amp; plus<\/p>\n<h2>Notre blog garage \u2013 Conseils et tendances autour des garages<\/h2>\n<p>D\u00e9couvrez notre blog d\u00e9di\u00e9 aux garages pr\u00e9fabriqu\u00e9s : am\u00e9nagement, \u00e9quipements et id\u00e9es d\u2019utilisation astucieuses. Profitez de conseils pratiques, de tendances actuelles et d\u2019inspirations pour optimiser votre garage \u2013 de la planification \u00e0 l\u2019am\u00e9nagement complet.[\/vc_column_text]<div class=\"spacer spacer--small\"><\/div>\n\n            <div class=\"swiper blogslider\">\n          <div class=\"swiper-wrapper\">\n                                <div class=\"swiper-slide\">\n                                                    <img decoding=\"async\" width=\"768\" height=\"432\" src=\"https:\/\/www.zapf-garagen.de\/wp-content\/uploads\/2026\/05\/zapf_bloglisting_einfach_so_tag.jpg\" class=\"attachment-full size-full wp-post-image\" alt=\"Garage pr\u00e9fabriqu\u00e9 blanc avec porte de garage ouverte, voiture stationn\u00e9e et v\u00e9los sur le porte-v\u00e9los devant une maison individuelle moderne avec all\u00e9e pav\u00e9e et jardin paysager de ZAPF\" srcset=\"https:\/\/www.zapf-garagen.de\/wp-content\/uploads\/2026\/05\/zapf_bloglisting_einfach_so_tag.jpg 768w, https:\/\/www.zapf-garagen.de\/wp-content\/uploads\/2026\/05\/zapf_bloglisting_einfach_so_tag-300x169.jpg 300w\" sizes=\"(max-width: 768px) 100vw, 768px\" \/>                                                <div class=\"text-button\">\n                            <p class=\"date\">27 ao\u00fbt 2026<\/p>\n                            <h3>La journ\u00e9e \u00ab Juste parce que \u00bb : Pourquoi c&rsquo;est le moment id\u00e9al pour votre nouveau garage<\/h3>\n                            <div class=\"button-wrapper\">\n                                                                                                            <a href=\"https:\/\/www.zapf-garagen.de\/entdecken\/garagen-blog\/\" class=\"btn btn--black\">\n                                            Vers l'aper\u00e7u du blog                                        <\/a>\n                                                                                                                                    <a href=\"https:\/\/www.zapf-garagen.de\/fr\/entdecken\/la-journee-juste-parce-que-pourquoi-cest-le-moment-ideal-pour-votre-nouveau-garage\/\" class=\"btn btn--red\">En savoir plus<\/a>\n                            <\/div>\n                        <\/div>\n                  <\/div>\n                                <div class=\"swiper-slide\">\n                                                    <img decoding=\"async\" width=\"768\" height=\"432\" src=\"https:\/\/www.zapf-garagen.de\/wp-content\/uploads\/2026\/05\/zapf_bloglisting_holz.jpg\" class=\"attachment-full size-full wp-post-image\" alt=\"Porte de garage en bois patin\u00e9e \u00e0 c\u00f4t\u00e9 d\u2019un garage pr\u00e9fabriqu\u00e9 en b\u00e9ton moderne avec porte sectionnelle fonc\u00e9e sous un ciel d\u2019orage avec \u00e9clair de ZAPF\" srcset=\"https:\/\/www.zapf-garagen.de\/wp-content\/uploads\/2026\/05\/zapf_bloglisting_holz.jpg 768w, https:\/\/www.zapf-garagen.de\/wp-content\/uploads\/2026\/05\/zapf_bloglisting_holz-300x169.jpg 300w\" sizes=\"(max-width: 768px) 100vw, 768px\" \/>                                                <div class=\"text-button\">\n                            <p class=\"date\">13 ao\u00fbt 2026<\/p>\n                            <h3>Pourquoi les garages pr\u00e9fabriqu\u00e9s en b\u00e9ton constituent le meilleur choix pour votre maison<\/h3>\n                            <div class=\"button-wrapper\">\n                                                                                                            <a href=\"https:\/\/www.zapf-garagen.de\/entdecken\/garagen-blog\/\" class=\"btn btn--black\">\n                                            Vers l'aper\u00e7u du blog                                        <\/a>\n                                                                                                                                    <a href=\"https:\/\/www.zapf-garagen.de\/fr\/entdecken\/pourquoi-les-garages-prefabriques-en-beton-constituent-le-meilleur-choix-pour-votre-maison\/\" class=\"btn btn--red\">En savoir plus<\/a>\n                            <\/div>\n                        <\/div>\n                  <\/div>\n                                <div class=\"swiper-slide\">\n                                                    <img decoding=\"async\" width=\"768\" height=\"432\" src=\"https:\/\/www.zapf-garagen.de\/wp-content\/uploads\/2026\/05\/zapf_bloglisting_ordnung.jpg\" class=\"attachment-full size-full wp-post-image\" alt=\"Double garage moderne avec deux portes de garage ouvertes attenante \u00e0 une maison individuelle, avec all\u00e9e pav\u00e9e, jardin soign\u00e9 et voiture blanche dans le garage par ZAPF\" srcset=\"https:\/\/www.zapf-garagen.de\/wp-content\/uploads\/2026\/05\/zapf_bloglisting_ordnung.jpg 768w, https:\/\/www.zapf-garagen.de\/wp-content\/uploads\/2026\/05\/zapf_bloglisting_ordnung-300x169.jpg 300w\" sizes=\"(max-width: 768px) 100vw, 768px\" \/>                                                <div class=\"text-button\">\n                            <p class=\"date\">6 ao\u00fbt 2026<\/p>\n                            <h3>Bien ranger son garage : id\u00e9es de bricolage pour l&rsquo;espace de rangement<\/h3>\n                            <div class=\"button-wrapper\">\n                                                                                                            <a href=\"https:\/\/www.zapf-garagen.de\/entdecken\/garagen-blog\/\" class=\"btn btn--black\">\n                                            Vers l'aper\u00e7u du blog                                        <\/a>\n                                                                                                                                    <a href=\"https:\/\/www.zapf-garagen.de\/fr\/entdecken\/bien-ranger-son-garage-idees-de-bricolage-pour-lespace-de-rangement\/\" class=\"btn btn--red\">En savoir plus<\/a>\n                            <\/div>\n                        <\/div>\n                  <\/div>\n                                <div class=\"swiper-slide\">\n                                                    <img decoding=\"async\" width=\"768\" height=\"432\" src=\"https:\/\/www.zapf-garagen.de\/wp-content\/uploads\/2026\/05\/zapf_bloglisting_freundschaft.jpg\" class=\"attachment-full size-full wp-post-image\" alt=\"Quatre personnes se tiennent en riant devant un garage pr\u00e9fabriqu\u00e9 en b\u00e9ton blanc avec une grande porte sectionnelle sombre et un panneau d\u2019acc\u00e8s mural, sc\u00e8ne de conseil devant un garage moderne de ZAPF\" srcset=\"https:\/\/www.zapf-garagen.de\/wp-content\/uploads\/2026\/05\/zapf_bloglisting_freundschaft.jpg 768w, https:\/\/www.zapf-garagen.de\/wp-content\/uploads\/2026\/05\/zapf_bloglisting_freundschaft-300x169.jpg 300w\" sizes=\"(max-width: 768px) 100vw, 768px\" \/>                                                <div class=\"text-button\">\n                            <p class=\"date\">30 juillet 2026<\/p>\n                            <h3>Journ\u00e9e internationale de l&rsquo;amiti\u00e9 : c&rsquo;est lors d&rsquo;un projet de garage que l&rsquo;on reconna\u00eet ses vrais amis<\/h3>\n                            <div class=\"button-wrapper\">\n                                                                                                            <a href=\"https:\/\/www.zapf-garagen.de\/entdecken\/garagen-blog\/\" class=\"btn btn--black\">\n                                            Vers l'aper\u00e7u du blog                                        <\/a>\n                                                                                                                                    <a href=\"https:\/\/www.zapf-garagen.de\/fr\/entdecken\/journee-internationale-de-lamitie-cest-lors-dun-projet-de-garage-que-lon-reconnait-ses-vrais-amis\/\" class=\"btn btn--red\">En savoir plus<\/a>\n                            <\/div>\n                        <\/div>\n                  <\/div>\n                                <div class=\"swiper-slide\">\n                                                    <img decoding=\"async\" width=\"768\" height=\"432\" src=\"https:\/\/www.zapf-garagen.de\/wp-content\/uploads\/2026\/05\/zapf_bloglisting_doorlight.jpg\" class=\"attachment-full size-full wp-post-image\" alt=\"Garage pr\u00e9fabriqu\u00e9 en b\u00e9ton moderne avec porte de garage \u00e9clair\u00e9e \u00e0 c\u00f4t\u00e9 d\u2019une maison avec fa\u00e7ade en bois, lumi\u00e8re chaleureuse et ciel \u00e9toil\u00e9 par ZAPF\" srcset=\"https:\/\/www.zapf-garagen.de\/wp-content\/uploads\/2026\/05\/zapf_bloglisting_doorlight.jpg 768w, https:\/\/www.zapf-garagen.de\/wp-content\/uploads\/2026\/05\/zapf_bloglisting_doorlight-300x169.jpg 300w\" sizes=\"(max-width: 768px) 100vw, 768px\" \/>                                                <div class=\"text-button\">\n                            <p class=\"date\">24 juillet 2026<\/p>\n                            <h3>ZAPF Doorlight : pourquoi l&rsquo;\u00e9clairage du garage devient de plus en plus important<\/h3>\n                            <div class=\"button-wrapper\">\n                                                                                                            <a href=\"https:\/\/www.zapf-garagen.de\/entdecken\/garagen-blog\/\" class=\"btn btn--black\">\n                                            Vers l'aper\u00e7u du blog                                        <\/a>\n                                                                                                                                    <a href=\"https:\/\/www.zapf-garagen.de\/fr\/entdecken\/zapf-doorlight-pourquoi-leclairage-du-garage-devient-de-plus-en-plus-important\/\" class=\"btn btn--red\">En savoir plus<\/a>\n                            <\/div>\n                        <\/div>\n                  <\/div>\n                        <\/div>\n          <div class=\"swiper-pagination\"><\/div>\n        <\/div>\n    \n    <div class=\"spacer spacer--large\"><\/div>\n[\/vc_column][\/vc_row][vc_row][vc_column]<div class=\"spacer spacer--large\"><\/div>\n    \n    <div class=\"swiper teaser-slider teaser-slider--default\">\n        <div class=\"swiper-wrapper\">\n            \n    <div class=\"swiper-slide teaser-slider-item\">\n        <img decoding=\"async\" width=\"2560\" height=\"1440\" src=\"https:\/\/www.zapf-garagen.de\/wp-content\/uploads\/2025\/05\/zapf-garagen-karriere-header.jpg\" class=\"attachment-full size-full\" alt=\"Cinq personnes dans un hall industriel, trois en tenue de travail et deux en tenue d&#039;affaires, posent en \u00e9quipe.\" srcset=\"https:\/\/www.zapf-garagen.de\/wp-content\/uploads\/2025\/05\/zapf-garagen-karriere-header.jpg 2560w, https:\/\/www.zapf-garagen.de\/wp-content\/uploads\/2025\/05\/zapf-garagen-karriere-header-300x169.jpg 300w, https:\/\/www.zapf-garagen.de\/wp-content\/uploads\/2025\/05\/zapf-garagen-karriere-header-1024x576.jpg 1024w, https:\/\/www.zapf-garagen.de\/wp-content\/uploads\/2025\/05\/zapf-garagen-karriere-header-768x432.jpg 768w, https:\/\/www.zapf-garagen.de\/wp-content\/uploads\/2025\/05\/zapf-garagen-karriere-header-1536x864.jpg 1536w, https:\/\/www.zapf-garagen.de\/wp-content\/uploads\/2025\/05\/zapf-garagen-karriere-header-2048x1152.jpg 2048w\" sizes=\"(max-width: 2560px) 100vw, 2560px\" \/>        <h2>Devenez un professionnel du garage &#8211; nos emplois<\/h2>\n<p>Faites partie d\u2019une \u00e9quipe forte et participez \u00e0 la construction de garages haut de gamme. Production, montage, administration ou ventes \u2013 nous vous proposons des missions passionnantes, des perspectives s\u00fbres et de belles opportunit\u00e9s de carri\u00e8re. Nous accueillons aussi bien les apprentis que les stagiaires motiv\u00e9s.<\/p>\n        <a  href=\"https:\/\/www.zapf-garagen.de\/fr\/carriere\/\" title=\"Consulter les postes maintenant\" target=\"_self\" class=\"btn btn--black\">Consulter les postes maintenant<\/a>        <div class=\"dvinci-job-widget\">\n                  <\/div>\n    <\/div>\n\n  \n    <div class=\"swiper-slide teaser-slider-item\">\n        <img decoding=\"async\" width=\"1440\" height=\"810\" src=\"https:\/\/www.zapf-garagen.de\/wp-content\/uploads\/2025\/07\/zapf-garagen-slider-nachhaltigkeit-teaser-m1.jpg\" class=\"attachment-full size-full\" alt=\"De nombreux plats cuisin\u00e9s sur un site entour\u00e9 d&#039;arbres.\" srcset=\"https:\/\/www.zapf-garagen.de\/wp-content\/uploads\/2025\/07\/zapf-garagen-slider-nachhaltigkeit-teaser-m1.jpg 1440w, https:\/\/www.zapf-garagen.de\/wp-content\/uploads\/2025\/07\/zapf-garagen-slider-nachhaltigkeit-teaser-m1-300x169.jpg 300w, https:\/\/www.zapf-garagen.de\/wp-content\/uploads\/2025\/07\/zapf-garagen-slider-nachhaltigkeit-teaser-m1-1024x576.jpg 1024w, https:\/\/www.zapf-garagen.de\/wp-content\/uploads\/2025\/07\/zapf-garagen-slider-nachhaltigkeit-teaser-m1-768x432.jpg 768w\" sizes=\"(max-width: 1440px) 100vw, 1440px\" \/>        <h2>Garages durables de ZAPF<\/h2>\n<p>Une production durable, des mat\u00e9riaux \u00e9cologiques et une fabrication respectueuse des ressources \u2013 chez ZAPF, la durabilit\u00e9 est au c\u0153ur de notre d\u00e9marche. Gr\u00e2ce \u00e0 des transports courts et une logistique \u00e0 faibles \u00e9missions, nous garantissons des garages \u00e0 la fois robustes et respectueux de l\u2019environnement.<\/p>\n        <a  href=\"https:\/\/www.zapf-garagen.de\/fr\/decouvrir\/durabilite\/\" title=\"En savoir plus sur la durabilit\u00e9 chez ZAPF\" target=\"_self\" class=\"btn btn--black\">En savoir plus sur la durabilit\u00e9 chez ZAPF<\/a>        <div class=\"dvinci-job-widget\">\n                  <\/div>\n    <\/div>\n\n  \n    <div class=\"swiper-slide teaser-slider-item\">\n        <img decoding=\"async\" width=\"1440\" height=\"810\" src=\"https:\/\/www.zapf-garagen.de\/wp-content\/uploads\/2025\/07\/zapf-garagen-slider-referenzen-teaser-m1.jpg\" class=\"attachment-full size-full\" alt=\"Mise en place d&#039;un \u00e9l\u00e9ment de garage suspendu \u00e0 une grue.\" srcset=\"https:\/\/www.zapf-garagen.de\/wp-content\/uploads\/2025\/07\/zapf-garagen-slider-referenzen-teaser-m1.jpg 1440w, https:\/\/www.zapf-garagen.de\/wp-content\/uploads\/2025\/07\/zapf-garagen-slider-referenzen-teaser-m1-300x169.jpg 300w, https:\/\/www.zapf-garagen.de\/wp-content\/uploads\/2025\/07\/zapf-garagen-slider-referenzen-teaser-m1-1024x576.jpg 1024w, https:\/\/www.zapf-garagen.de\/wp-content\/uploads\/2025\/07\/zapf-garagen-slider-referenzen-teaser-m1-768x432.jpg 768w\" sizes=\"(max-width: 1440px) 100vw, 1440px\" \/>        <h2>La diversit\u00e9 des garages ZAPF<\/h2>\n<p>Nos garages pr\u00e9fabriqu\u00e9s s\u00e9duisent de nombreux clients. Stationnements priv\u00e9s, grands parcs \u00e0 garages ou solutions sur mesure \u2013 nos r\u00e9alisations t\u00e9moignent de la qualit\u00e9 et de la diversit\u00e9 de l\u2019offre ZAPF. D\u00e9couvrez-les et trouvez l\u2019inspiration pour votre projet !<\/p>\n        <a  href=\"https:\/\/www.zapf-garagen.de\/fr\/decouvrir\/references\/\" title=\"Voir les r\u00e9f\u00e9rences\" target=\"_self\" class=\"btn btn--black\">Voir les r\u00e9f\u00e9rences<\/a>        <div class=\"dvinci-job-widget\">\n                  <\/div>\n    <\/div>\n\n  \n    <div class=\"swiper-slide teaser-slider-item\">\n        <img decoding=\"async\" width=\"1440\" height=\"810\" src=\"https:\/\/www.zapf-garagen.de\/wp-content\/uploads\/2025\/07\/zapf-garagen-slider-musterparks-teaser-m1.jpg\" class=\"attachment-full size-full\" alt=\"Plusieurs garages pr\u00e9fabriqu\u00e9s avec diff\u00e9rents types de portes sur un terrain avec des drapeaux publicitaires.\" srcset=\"https:\/\/www.zapf-garagen.de\/wp-content\/uploads\/2025\/07\/zapf-garagen-slider-musterparks-teaser-m1.jpg 1440w, https:\/\/www.zapf-garagen.de\/wp-content\/uploads\/2025\/07\/zapf-garagen-slider-musterparks-teaser-m1-300x169.jpg 300w, https:\/\/www.zapf-garagen.de\/wp-content\/uploads\/2025\/07\/zapf-garagen-slider-musterparks-teaser-m1-1024x576.jpg 1024w, https:\/\/www.zapf-garagen.de\/wp-content\/uploads\/2025\/07\/zapf-garagen-slider-musterparks-teaser-m1-768x432.jpg 768w\" sizes=\"(max-width: 1440px) 100vw, 1440px\" \/>        <h2>Nos parcs \u00e0 exposition \u2014 D\u00e9couvrez les garages ZAPF en direct<\/h2>\n<p>Venez juger par vous-m\u00eame de la qualit\u00e9, des \u00e9quipements et du design de nos garages pr\u00e9fabriqu\u00e9s. D\u00e9couvrez nos mod\u00e8les en direct dans l\u2019un de nos parcs d\u2019exposition en Allemagne (\u00e0 Neuenburg am Rhein, juste derri\u00e8re la fronti\u00e8re) ou en Autriche.<\/p>\n        <a  href=\"https:\/\/www.zapf-garagen.de\/fr\/decouvrir\/parcs-modeles\/\" title=\"D\u00e9couvrez nos parcs \u00e0 exposition\" target=\"_self\" class=\"btn btn--black\">D\u00e9couvrez nos parcs \u00e0 exposition<\/a>        <div class=\"dvinci-job-widget\">\n                  <\/div>\n    <\/div>\n\n          <\/div>\n        <div class=\"swiper-controls\">\n            <button type=\"button\" class=\"swiper-button-prev\"><img decoding=\"async\" src=\"https:\/\/www.zapf-garagen.de\/wp-content\/themes\/zapf\/assets\/img\/zapf-garagen-navigation-pfeil-eck-links.svg\"><\/button>\n            <div class=\"swiper-pagination\"><\/div>\n            <button type=\"button\" class=\"swiper-button-next\"><img decoding=\"async\" src=\"https:\/\/www.zapf-garagen.de\/wp-content\/themes\/zapf\/assets\/img\/zapf-garagen-navigation-pfeil-eck-rechts.svg\"><\/button>\n        <\/div>\n    <\/div>\n  \n    [\/vc_column][\/vc_row][vc_row][vc_column]<div class=\"spacer spacer--large\"><\/div>\n    <div class=\"image-onscroll-effekt\">\n                    <img decoding=\"async\" width=\"2560\" height=\"1440\" src=\"https:\/\/www.zapf-garagen.de\/wp-content\/uploads\/2025\/05\/zapf-garagen-ueber-uns-teaser-xl.jpg\" class=\"image-onscroll-effekt__image\" alt=\"Immeuble de bureaux moderne avec fa\u00e7ade en verre et grand logo de la soci\u00e9t\u00e9 ZAPF sur le toit, sur fond de ciel bleu.\" srcset=\"https:\/\/www.zapf-garagen.de\/wp-content\/uploads\/2025\/05\/zapf-garagen-ueber-uns-teaser-xl.jpg 2560w, https:\/\/www.zapf-garagen.de\/wp-content\/uploads\/2025\/05\/zapf-garagen-ueber-uns-teaser-xl-300x169.jpg 300w, https:\/\/www.zapf-garagen.de\/wp-content\/uploads\/2025\/05\/zapf-garagen-ueber-uns-teaser-xl-1024x576.jpg 1024w, https:\/\/www.zapf-garagen.de\/wp-content\/uploads\/2025\/05\/zapf-garagen-ueber-uns-teaser-xl-768x432.jpg 768w, https:\/\/www.zapf-garagen.de\/wp-content\/uploads\/2025\/05\/zapf-garagen-ueber-uns-teaser-xl-1536x864.jpg 1536w, https:\/\/www.zapf-garagen.de\/wp-content\/uploads\/2025\/05\/zapf-garagen-ueber-uns-teaser-xl-2048x1152.jpg 2048w\" sizes=\"(max-width: 2560px) 100vw, 2560px\" \/>                <div class=\"image-onscroll-effekt__overlay\"><\/div>\n        <div class=\"image-onscroll-effekt__content\">\n            <div class=\"container\">\n                <div class=\"wysiwyg copy-highlight\">\n                    <p class=\"preheader\" style=\"text-align: center;\">Comp\u00e9tence et tradition<\/p>\n<h2 style=\"text-align: center;\">ZAPF &#8211; votre expert en garages pr\u00e9fabriqu\u00e9s depuis 1904<\/h2>\n<p style=\"text-align: center;\">Fort de plus de 120 ans d\u2019exp\u00e9rience, ZAPF incarne qualit\u00e9, innovation et durabilit\u00e9 dans le domaine du garage pr\u00e9fabriqu\u00e9. Nous cr\u00e9ons des garages modernes et \u00e9cologiques qui r\u00e9pondent aux attentes les plus exigeantes. Faites appel \u00e0 notre savoir-faire.<\/p>\n                <\/div>\n            <\/div>\n                            <div class=\"container container-lg\">\n                    <div class=\"image-onscroll-effekt__icons\">\n                                                                                                <\/div>\n                <\/div>\n                                        <div class=\"container container-lg\">\n                    <div class=\"image-onscroll-effekt__quotes swiper\">\n                        <div class=\"swiper-wrapper\">\n                                                                                                                <\/div>\n                        <div class=\"swiper-pagination\"><\/div>\n                    <\/div>\n                <\/div>\n                                        <div class=\"container\">\n                    <div class=\"image-onscroll-effekt__buttons\">\n                                                    <a  href=\"https:\/\/www.zapf-garagen.de\/fr\/decouvrir\/a-propos-de-nous\/\" title=\"En savoir plus sur ZAPF\" target=\"_self\" class=\"btn btn--red\">En savoir plus sur ZAPF<\/a>                                                                    <\/div>\n                <\/div>\n                    <\/div>\n    <\/div>\n<div class=\"spacer spacer--large\"><\/div>\n[\/vc_column][\/vc_row]<\/p>\n<\/div>","protected":false},"excerpt":{"rendered":"<p>[vc_row][vc_column][\/vc_column][\/vc_row][vc_row][vc_column][vc_column_text css=\u00a0\u00bb\u00a0\u00bb] DE XS \u00c0 XXL Le garage pr\u00e9fabriqu\u00e9 ZAPF adapt\u00e9 \u00e0 chaque besoin [\/vc_column_text][\/vc_column][\/vc_row][vc_row][vc_column][vc_column_text css=\u00a0\u00bb\u00a0\u00bb] Pour les particuliers et les entreprises Parcs \u00e0 garages et garages \u00e0 plusieurs \u00e9tages [\/vc_column_text][\/vc_column][\/vc_row][vc_row disable_element=\u00a0\u00bbyes\u00a0\u00bb][vc_column][vc_column_text css=\u00a0\u00bb\u00a0\u00bb] Conseils gratuits sur la r\u00e9novation de garages Mettez votre garage au go\u00fbt du jour [\/vc_column_text][\/vc_column][\/vc_row][vc_row][vc_column][\/vc_column][\/vc_row][vc_row el_class=\u00a0\u00bbbg-black\u00a0\u00bb][vc_column][vc_column_text css=\u00a0\u00bb\u00a0\u00bb] Conseils, inspiration &amp; plus Notre [&hellip;]<\/p>\n","protected":false},"author":6,"featured_media":0,"parent":0,"menu_order":0,"comment_status":"closed","ping_status":"closed","template":"","meta":{"_acf_changed":false,"content-type":"","footnotes":""},"class_list":["post-6070","page","type-page","status-publish","hentry"],"acf":[],"yoast_head":"<!-- This site is optimized with the Yoast SEO Premium plugin v28.4 (Yoast SEO v28.4) - https:\/\/yoast.com\/product\/yoast-seo-premium-wordpress\/ -->\n<title>Garages ZAPF - Votre sp\u00e9cialiste du garage pr\u00e9fabriqu\u00e9<\/title>\n<meta name=\"description\" content=\"Forts de plus de 120 ans d\u2019exp\u00e9rience, nous, chez ZAPF Garages, vous garantissons la plus haute qualit\u00e9 made in Germany. Informez-vous d\u00e8s maintenant !\" \/>\n<meta name=\"robots\" content=\"index, follow, max-snippet:-1, max-image-preview:large, max-video-preview:-1\" \/>\n<link rel=\"canonical\" href=\"https:\/\/www.zapf-garagen.de\/fr\/\" \/>\n<meta property=\"og:locale\" content=\"fr_FR\" \/>\n<meta property=\"og:type\" content=\"article\" \/>\n<meta property=\"og:title\" content=\"Page d&#039;accueil\" \/>\n<meta property=\"og:description\" content=\"Forts de plus de 120 ans d\u2019exp\u00e9rience, nous, chez ZAPF Garages, vous garantissons la plus haute qualit\u00e9 made in Germany. Informez-vous d\u00e8s maintenant !\" \/>\n<meta property=\"og:url\" content=\"https:\/\/www.zapf-garagen.de\/fr\/\" \/>\n<meta property=\"og:site_name\" content=\"ZAPF Garagen\" \/>\n<meta property=\"article:publisher\" content=\"https:\/\/www.facebook.com\/ZapfGaragenwelt\" \/>\n<meta property=\"article:modified_time\" content=\"2026-05-07T08:53:19+00:00\" \/>\n<meta property=\"og:image\" content=\"https:\/\/www.zapf-garagen.de\/wp-content\/uploads\/2025\/09\/zapf-garagen-garagen-facebook-snippet-1024x535.jpg\" \/>\n<meta name=\"twitter:card\" content=\"summary_large_image\" \/>\n<meta name=\"twitter:label1\" content=\"Dur\u00e9e de lecture estim\u00e9e\" \/>\n\t<meta name=\"twitter:data1\" content=\"6 minutes\" \/>\n<script type=\"application\/ld+json\" class=\"yoast-schema-graph\">{\"@context\":\"https:\\\/\\\/schema.org\",\"@graph\":[{\"@type\":\"WebPage\",\"@id\":\"https:\\\/\\\/www.zapf-garagen.de\\\/fr\\\/\",\"url\":\"https:\\\/\\\/www.zapf-garagen.de\\\/fr\\\/\",\"name\":\"Garages ZAPF - Votre sp\u00e9cialiste du garage pr\u00e9fabriqu\u00e9\",\"isPartOf\":{\"@id\":\"https:\\\/\\\/www.zapf-garagen.de\\\/fr\\\/#website\"},\"datePublished\":\"2025-02-19T13:37:32+00:00\",\"dateModified\":\"2026-05-07T08:53:19+00:00\",\"description\":\"Forts de plus de 120 ans d\u2019exp\u00e9rience, nous, chez ZAPF Garages, vous garantissons la plus haute qualit\u00e9 made in Germany. Informez-vous d\u00e8s maintenant !\",\"breadcrumb\":{\"@id\":\"https:\\\/\\\/www.zapf-garagen.de\\\/fr\\\/#breadcrumb\"},\"inLanguage\":\"fr-FR\",\"potentialAction\":[{\"@type\":\"ReadAction\",\"target\":[\"https:\\\/\\\/www.zapf-garagen.de\\\/fr\\\/\"]}]},{\"@type\":\"BreadcrumbList\",\"@id\":\"https:\\\/\\\/www.zapf-garagen.de\\\/fr\\\/#breadcrumb\",\"itemListElement\":[{\"@type\":\"ListItem\",\"position\":1,\"name\":\"Home\",\"item\":\"https:\\\/\\\/www.zapf-garagen.de\\\/fr\\\/\"},{\"@type\":\"ListItem\",\"position\":2,\"name\":\"Page d&#8217;accueil\"}]},{\"@type\":\"WebSite\",\"@id\":\"https:\\\/\\\/www.zapf-garagen.de\\\/fr\\\/#website\",\"url\":\"https:\\\/\\\/www.zapf-garagen.de\\\/fr\\\/\",\"name\":\"ZAPF Garagen\",\"description\":\"\",\"publisher\":{\"@id\":\"https:\\\/\\\/www.zapf-garagen.de\\\/fr\\\/#organization\"},\"potentialAction\":[{\"@type\":\"SearchAction\",\"target\":{\"@type\":\"EntryPoint\",\"urlTemplate\":\"https:\\\/\\\/www.zapf-garagen.de\\\/fr\\\/?s={search_term_string}\"},\"query-input\":{\"@type\":\"PropertyValueSpecification\",\"valueRequired\":true,\"valueName\":\"search_term_string\"}}],\"inLanguage\":\"fr-FR\"},{\"@type\":\"Organization\",\"@id\":\"https:\\\/\\\/www.zapf-garagen.de\\\/fr\\\/#organization\",\"name\":\"ZAPF Garagen\",\"url\":\"https:\\\/\\\/www.zapf-garagen.de\\\/fr\\\/\",\"logo\":{\"@type\":\"ImageObject\",\"inLanguage\":\"fr-FR\",\"@id\":\"https:\\\/\\\/www.zapf-garagen.de\\\/fr\\\/#\\\/schema\\\/logo\\\/image\\\/\",\"url\":\"https:\\\/\\\/www.zapf-garagen.de\\\/wp-content\\\/uploads\\\/2025\\\/03\\\/zapf-garagen-logo-rot-grau.svg\",\"contentUrl\":\"https:\\\/\\\/www.zapf-garagen.de\\\/wp-content\\\/uploads\\\/2025\\\/03\\\/zapf-garagen-logo-rot-grau.svg\",\"width\":502,\"height\":269,\"caption\":\"ZAPF Garagen\"},\"image\":{\"@id\":\"https:\\\/\\\/www.zapf-garagen.de\\\/fr\\\/#\\\/schema\\\/logo\\\/image\\\/\"},\"sameAs\":[\"https:\\\/\\\/www.facebook.com\\\/ZapfGaragenwelt\",\"https:\\\/\\\/www.instagram.com\\\/zapfgaragenwelt\\\/\",\"https:\\\/\\\/www.xing.com\\\/pages\\\/zapf-garagenwelt\",\"https:\\\/\\\/www.youtube.com\\\/user\\\/Garagenwelt\",\"https:\\\/\\\/www.linkedin.com\\\/company\\\/zapfgaragen\\\/\",\"https:\\\/\\\/www.tiktok.com\\\/@zapf.garagen\",\"https:\\\/\\\/www.pinterest.com\\\/zapfgaragenwelt\\\/\"],\"description\":\"ZAPF Garagen \u2013 Hersteller von Fertiggaragen aus Beton seit 1904. Hochwertige Garagen Made in Germany f\u00fcr Privat- und Gewerbekunden.\",\"email\":\"garagen@zapf-gmbh.de\",\"telephone\":\"0921 601-601\",\"legalName\":\"ZAPF GmbH\",\"foundingDate\":\"1904-01-01\",\"numberOfEmployees\":{\"@type\":\"QuantitativeValue\",\"minValue\":\"201\",\"maxValue\":\"500\"}}]}<\/script>\n<!-- \/ Yoast SEO Premium plugin. -->","yoast_head_json":{"title":"Garages ZAPF - Votre sp\u00e9cialiste du garage pr\u00e9fabriqu\u00e9","description":"Forts de plus de 120 ans d\u2019exp\u00e9rience, nous, chez ZAPF Garages, vous garantissons la plus haute qualit\u00e9 made in Germany. Informez-vous d\u00e8s maintenant !","robots":{"index":"index","follow":"follow","max-snippet":"max-snippet:-1","max-image-preview":"max-image-preview:large","max-video-preview":"max-video-preview:-1"},"canonical":"https:\/\/www.zapf-garagen.de\/fr\/","og_locale":"fr_FR","og_type":"article","og_title":"Page d'accueil","og_description":"Forts de plus de 120 ans d\u2019exp\u00e9rience, nous, chez ZAPF Garages, vous garantissons la plus haute qualit\u00e9 made in Germany. Informez-vous d\u00e8s maintenant !","og_url":"https:\/\/www.zapf-garagen.de\/fr\/","og_site_name":"ZAPF Garagen","article_publisher":"https:\/\/www.facebook.com\/ZapfGaragenwelt","article_modified_time":"2026-05-07T08:53:19+00:00","og_image":[{"url":"https:\/\/www.zapf-garagen.de\/wp-content\/uploads\/2025\/09\/zapf-garagen-garagen-facebook-snippet-1024x535.jpg","type":"","width":"","height":""}],"twitter_card":"summary_large_image","twitter_misc":{"Dur\u00e9e de lecture estim\u00e9e":"6 minutes"},"schema":{"@context":"https:\/\/schema.org","@graph":[{"@type":"WebPage","@id":"https:\/\/www.zapf-garagen.de\/fr\/","url":"https:\/\/www.zapf-garagen.de\/fr\/","name":"Garages ZAPF - Votre sp\u00e9cialiste du garage pr\u00e9fabriqu\u00e9","isPartOf":{"@id":"https:\/\/www.zapf-garagen.de\/fr\/#website"},"datePublished":"2025-02-19T13:37:32+00:00","dateModified":"2026-05-07T08:53:19+00:00","description":"Forts de plus de 120 ans d\u2019exp\u00e9rience, nous, chez ZAPF Garages, vous garantissons la plus haute qualit\u00e9 made in Germany. Informez-vous d\u00e8s maintenant !","breadcrumb":{"@id":"https:\/\/www.zapf-garagen.de\/fr\/#breadcrumb"},"inLanguage":"fr-FR","potentialAction":[{"@type":"ReadAction","target":["https:\/\/www.zapf-garagen.de\/fr\/"]}]},{"@type":"BreadcrumbList","@id":"https:\/\/www.zapf-garagen.de\/fr\/#breadcrumb","itemListElement":[{"@type":"ListItem","position":1,"name":"Home","item":"https:\/\/www.zapf-garagen.de\/fr\/"},{"@type":"ListItem","position":2,"name":"Page d&#8217;accueil"}]},{"@type":"WebSite","@id":"https:\/\/www.zapf-garagen.de\/fr\/#website","url":"https:\/\/www.zapf-garagen.de\/fr\/","name":"ZAPF Garagen","description":"","publisher":{"@id":"https:\/\/www.zapf-garagen.de\/fr\/#organization"},"potentialAction":[{"@type":"SearchAction","target":{"@type":"EntryPoint","urlTemplate":"https:\/\/www.zapf-garagen.de\/fr\/?s={search_term_string}"},"query-input":{"@type":"PropertyValueSpecification","valueRequired":true,"valueName":"search_term_string"}}],"inLanguage":"fr-FR"},{"@type":"Organization","@id":"https:\/\/www.zapf-garagen.de\/fr\/#organization","name":"ZAPF Garagen","url":"https:\/\/www.zapf-garagen.de\/fr\/","logo":{"@type":"ImageObject","inLanguage":"fr-FR","@id":"https:\/\/www.zapf-garagen.de\/fr\/#\/schema\/logo\/image\/","url":"https:\/\/www.zapf-garagen.de\/wp-content\/uploads\/2025\/03\/zapf-garagen-logo-rot-grau.svg","contentUrl":"https:\/\/www.zapf-garagen.de\/wp-content\/uploads\/2025\/03\/zapf-garagen-logo-rot-grau.svg","width":502,"height":269,"caption":"ZAPF Garagen"},"image":{"@id":"https:\/\/www.zapf-garagen.de\/fr\/#\/schema\/logo\/image\/"},"sameAs":["https:\/\/www.facebook.com\/ZapfGaragenwelt","https:\/\/www.instagram.com\/zapfgaragenwelt\/","https:\/\/www.xing.com\/pages\/zapf-garagenwelt","https:\/\/www.youtube.com\/user\/Garagenwelt","https:\/\/www.linkedin.com\/company\/zapfgaragen\/","https:\/\/www.tiktok.com\/@zapf.garagen","https:\/\/www.pinterest.com\/zapfgaragenwelt\/"],"description":"ZAPF Garagen \u2013 Hersteller von Fertiggaragen aus Beton seit 1904. Hochwertige Garagen Made in Germany f\u00fcr Privat- und Gewerbekunden.","email":"garagen@zapf-gmbh.de","telephone":"0921 601-601","legalName":"ZAPF GmbH","foundingDate":"1904-01-01","numberOfEmployees":{"@type":"QuantitativeValue","minValue":"201","maxValue":"500"}}]}},"_links":{"self":[{"href":"https:\/\/www.zapf-garagen.de\/fr\/wp-json\/wp\/v2\/pages\/6070","targetHints":{"allow":["GET"]}}],"collection":[{"href":"https:\/\/www.zapf-garagen.de\/fr\/wp-json\/wp\/v2\/pages"}],"about":[{"href":"https:\/\/www.zapf-garagen.de\/fr\/wp-json\/wp\/v2\/types\/page"}],"author":[{"embeddable":true,"href":"https:\/\/www.zapf-garagen.de\/fr\/wp-json\/wp\/v2\/users\/6"}],"replies":[{"embeddable":true,"href":"https:\/\/www.zapf-garagen.de\/fr\/wp-json\/wp\/v2\/comments?post=6070"}],"version-history":[{"count":4,"href":"https:\/\/www.zapf-garagen.de\/fr\/wp-json\/wp\/v2\/pages\/6070\/revisions"}],"predecessor-version":[{"id":14396,"href":"https:\/\/www.zapf-garagen.de\/fr\/wp-json\/wp\/v2\/pages\/6070\/revisions\/14396"}],"wp:attachment":[{"href":"https:\/\/www.zapf-garagen.de\/fr\/wp-json\/wp\/v2\/media?parent=6070"}],"curies":[{"name":"wp","href":"https:\/\/api.w.org\/{rel}","templated":true}]}}